{"id":152,"date":"2017-12-12T10:25:47","date_gmt":"2017-12-12T09:25:47","guid":{"rendered":"http:\/\/ayklwzkabb.cyon.link\/?page_id=152"},"modified":"2018-02-20T12:54:10","modified_gmt":"2018-02-20T11:54:10","slug":"pour-la-region-capitale-suisse","status":"publish","type":"page","link":"https:\/\/politexchange.ch\/fr\/prestations\/pour-la-region-capitale-suisse\/","title":{"rendered":"Pour la R\u00e9gion capitale suisse"},"content":{"rendered":"<h1>Pour la R\u00e9gion capitale suisse<\/h1>\n<p>Vous avez \u00e9t\u00e9 sollicit\u00e9 en tant que membre de la <a title=\"\" href=\"https:\/\/www.hauptstadtregion.ch\/fr\/\" target=\"_blank\" rel=\"noopener\">R\u00e9gion capitale suisse<\/a> pour organiser un voyage d&rsquo;\u00e9tudes? Nous vous soutenons volontiers.<\/p>\n<p><strong>Nos prestations:<\/strong><\/p>\n<ul>\n<li>Informations g\u00e9n\u00e9rales pour identifier l&rsquo;institution qui soumet une demande et \u00e9valuation de l&rsquo;int\u00e9r\u00eat \u00e0 un \u00e9change\u00a0de contenu avec les exp\u00e9riences de la R\u00e9gion capitale suisse;<\/li>\n<li>Informations sur le background politique des d\u00e9l\u00e9gations \u00e9trang\u00e8res et des d\u00e9fis interculturels;<\/li>\n<li>Examen des risques politiques\u00a0potentiels li\u00e9s \u00e0 l&rsquo;accueil de la d\u00e9l\u00e9gation pour la R\u00e9gion capitale suisse et ses membres;<\/li>\n<li>Soutien m\u00e9thodique et conseil dans l&rsquo;\u00e9laboration des pr\u00e9sentations des exp\u00e9riences afin de correspondre aux besoins des d\u00e9l\u00e9gations en visite;<\/li>\n<li>Mise en r\u00e9seau et \u00e9change d&rsquo;exp\u00e9riences avec les autres membres de la R\u00e9gion capitale suisse qui re\u00e7oivent\u00a0des d\u00e9l\u00e9gations en visite;<\/li>\n<li>Bien entendu, vous pouvez \u00e9galement nous charger de r\u00e9aliser tout le voyage d&rsquo;\u00e9tudes, de l&rsquo;organiser et d&rsquo;accompagner la d\u00e9l\u00e9gation.<\/li>\n<\/ul>\n<h3><\/h3>\n","protected":false},"excerpt":{"rendered":"<p>Pour la R\u00e9gion capitale suisse Vous avez \u00e9t\u00e9 sollicit\u00e9 en tant que membre de la R\u00e9gion capitale suisse pour organiser un voyage d&rsquo;\u00e9tudes? Nous vous soutenons volontiers. Nos prestations: Informations g\u00e9n\u00e9rales pour identifier l&rsquo;institution qui soumet une demande et \u00e9valuation de l&rsquo;int\u00e9r\u00eat \u00e0 un \u00e9change\u00a0de contenu avec les exp\u00e9riences de la R\u00e9gion capitale suisse; Informations<a class=\"excerpt-read-more\" href=\"https:\/\/politexchange.ch\/fr\/prestations\/pour-la-region-capitale-suisse\/\" title=\"ReadPour la R\u00e9gion capitale suisse\">&#8230; Read more &raquo;<\/a><\/p>\n","protected":false},"author":5,"featured_media":0,"parent":140,"menu_order":2,"comment_status":"closed","ping_status":"closed","template":"template-full-width.php","meta":{"footnotes":""},"_links":{"self":[{"href":"https:\/\/politexchange.ch\/fr\/wp-json\/wp\/v2\/pages\/152"}],"collection":[{"href":"https:\/\/politexchange.ch\/fr\/wp-json\/wp\/v2\/pages"}],"about":[{"href":"https:\/\/politexchange.ch\/fr\/wp-json\/wp\/v2\/types\/page"}],"author":[{"embeddable":true,"href":"https:\/\/politexchange.ch\/fr\/wp-json\/wp\/v2\/users\/5"}],"replies":[{"embeddable":true,"href":"https:\/\/politexchange.ch\/fr\/wp-json\/wp\/v2\/comments?post=152"}],"version-history":[{"count":2,"href":"https:\/\/politexchange.ch\/fr\/wp-json\/wp\/v2\/pages\/152\/revisions"}],"predecessor-version":[{"id":387,"href":"https:\/\/politexchange.ch\/fr\/wp-json\/wp\/v2\/pages\/152\/revisions\/387"}],"up":[{"embeddable":true,"href":"https:\/\/politexchange.ch\/fr\/wp-json\/wp\/v2\/pages\/140"}],"wp:attachment":[{"href":"https:\/\/politexchange.ch\/fr\/wp-json\/wp\/v2\/media?parent=152"}],"curies":[{"name":"wp","href":"https:\/\/api.w.org\/{rel}","templated":true}]}}